{"id":4507,"date":"2021-12-21T15:12:24","date_gmt":"2021-12-21T15:12:24","guid":{"rendered":"https:\/\/bioingenieria.zeus.umh.es\/grupo-de-calidad-y-seguridad-alimentaria\/"},"modified":"2022-02-09T11:14:48","modified_gmt":"2022-02-09T11:14:48","slug":"grupo-de-calidad-y-seguridad-alimentaria","status":"publish","type":"page","link":"https:\/\/bioingenieria.umh.es\/en\/unidad-de-nutricion-y-bromatologia\/grupo-de-calidad-y-seguridad-alimentaria\/","title":{"rendered":"Grupo de Calidad y Seguridad Alimentaria"},"content":{"rendered":"<p>[et_pb_section fb_built=&#8221;1&#8243; fullwidth=&#8221;on&#8221; disabled_on=&#8221;on|on|on&#8221; admin_label=&#8221;Secci\u00f3n&#8221; _builder_version=&#8221;3.22&#8243; disabled=&#8221;on&#8221;][et_pb_fullwidth_header title=&#8221;Calidad y Seguridad Alimentaria&#8221; text_orientation=&#8221;center&#8221; content_max_width=&#8221;none&#8221; admin_label=&#8221;T\u00edtulo de anchura completa&#8221; _builder_version=&#8221;3.16&#8243; background_color=&#8221;#649922&#8243; button_one_letter_spacing_hover=&#8221;0&#8243; button_two_letter_spacing_hover=&#8221;0&#8243; button_one_text_size__hover_enabled=&#8221;off&#8221; button_two_text_size__hover_enabled=&#8221;off&#8221; button_one_text_color__hover_enabled=&#8221;off&#8221; button_two_text_color__hover_enabled=&#8221;off&#8221; button_one_border_width__hover_enabled=&#8221;off&#8221; button_two_border_width__hover_enabled=&#8221;off&#8221; button_one_border_color__hover_enabled=&#8221;off&#8221; button_two_border_color__hover_enabled=&#8221;off&#8221; button_one_border_radius__hover_enabled=&#8221;off&#8221; button_two_border_radius__hover_enabled=&#8221;off&#8221; button_one_letter_spacing__hover_enabled=&#8221;on&#8221; button_one_letter_spacing__hover=&#8221;0&#8243; button_two_letter_spacing__hover_enabled=&#8221;on&#8221; button_two_letter_spacing__hover=&#8221;0&#8243; button_one_bg_color__hover_enabled=&#8221;off&#8221; button_two_bg_color__hover_enabled=&#8221;off&#8221;][\/et_pb_fullwidth_header][\/et_pb_section][et_pb_section fb_built=&#8221;1&#8243; disabled_on=&#8221;on|on|on&#8221; admin_label=&#8221;section&#8221; _builder_version=&#8221;3.22&#8243; disabled=&#8221;on&#8221;][et_pb_row padding_mobile=&#8221;off&#8221; column_padding_mobile=&#8221;on&#8221; admin_label=&#8221;row&#8221; _builder_version=&#8221;3.25&#8243; background_size=&#8221;initial&#8221; background_position=&#8221;top_left&#8221; background_repeat=&#8221;repeat&#8221; max_width=&#8221;980px&#8221; make_fullwidth=&#8221;off&#8221; use_custom_width=&#8221;on&#8221; width_unit=&#8221;on&#8221; custom_width_px=&#8221;980px&#8221;][et_pb_column type=&#8221;4_4&#8243; _builder_version=&#8221;3.25&#8243; custom_padding=&#8221;|||&#8221; custom_padding__hover=&#8221;|||&#8221;][et_pb_tabs admin_label=&#8221;Pesta\u00f1as&#8221; _builder_version=&#8221;4.2.2&#8243; tab_font=&#8221;Roboto||||&#8221; tab_line_height=&#8221;1.4em&#8221; background_size=&#8221;initial&#8221; background_position=&#8221;top_left&#8221; background_repeat=&#8221;repeat&#8221; use_border_color=&#8221;off&#8221; border_color=&#8221;#ffffff&#8221; border_style=&#8221;solid&#8221;][et_pb_tab title=&#8221;Informaci\u00f3n&#8221; _builder_version=&#8221;4.2.2&#8243; body_font=&#8221;||||&#8221; body_line_height=&#8221;2em&#8221; tab_font=&#8221;||||&#8221; tab_line_height=&#8221;2em&#8221; background_size=&#8221;initial&#8221; background_position=&#8221;top_left&#8221; background_repeat=&#8221;repeat&#8221; body_line_height_tablet=&#8221;2em&#8221; body_line_height_phone=&#8221;2em&#8221; tab_line_height_tablet=&#8221;2em&#8221; tab_line_height_phone=&#8221;2em&#8221;]<\/p>\n<table>\n<tbody>\n<tr>\n<td><strong>Responsable<\/strong><\/td>\n<td>Francisco Miguel Burl\u00f3 Carbonell<\/td>\n<\/tr>\n<tr>\n<td><strong>Web propia<\/strong><\/td>\n<td><a href=\"http:\/\/sensofoodsolutions.com\" target=\"_blank\" rel=\"noopener\">http:\/\/sensofoodsolutions.com<\/a><\/td>\n<\/tr>\n<\/tbody>\n<\/table>\n<p>&nbsp;<\/p>\n<h3>Resumen de la investigaci\u00f3n<\/h3>\n<p>El grupo de investigaci\u00f3n se centra en el estudio de la influencia de los procesos de fabricaci\u00f3n de los productos en el almacenamiento y las caracter\u00edsticas sensoriales. Otra segunda l\u00ednea del grupo se dedica a la caracterizaci\u00f3n de alimentos y complementos alimenticios para su posible uso como ingredientes funcionales de alimentos espec\u00edficos para la salud. La tercera l\u00ednea es la determinaci\u00f3n de metales pesados y oligoelementos en los alimentos. El grupo de investigaci\u00f3n se centra en el estudio de la influencia de los procesos de fabricaci\u00f3n de los productos en el almacenamiento y las caracter\u00edsticas sensoriales. Otra segunda l\u00ednea del grupo se dedica a la caracterizaci\u00f3n de alimentos y complementos alimenticios para su posible uso como ingredientes funcionales para alimentos espec\u00edficos para la salud. La tercera l\u00ednea es la determinaci\u00f3n de metales pesados y oligoelementos en los alimentos.<\/p>\n<p style=\"text-align: center;\"><a href=\"http:\/\/bioingenieria.umh.es\/files\/2021\/12\/cal-al-1-e1620895120709-1.jpg\"><img loading=\"lazy\" class=\"alignnone size-full wp-image-1045\" src=\"http:\/\/bioingenieria.umh.es\/files\/2021\/12\/cal-al-1-e1620895120709-1.jpg\" alt=\"cal al 1\" width=\"102\" height=\"120\" \/><\/a> <a href=\"http:\/\/bioingenieria.umh.es\/files\/2021\/12\/cal-al-2-e1620895133811.jpg\"><img loading=\"lazy\" class=\"alignnone size-full wp-image-1046\" src=\"http:\/\/bioingenieria.umh.es\/files\/2021\/12\/cal-al-2-e1620895133811.jpg\" alt=\"cal al 2\" width=\"110\" height=\"116\" \/><\/a> <a href=\"http:\/\/bioingenieria.umh.es\/files\/2021\/12\/cal-al-3.jpg\"><img loading=\"lazy\" class=\"alignnone size-full wp-image-1044\" src=\"http:\/\/bioingenieria.umh.es\/files\/2021\/12\/cal-al-3.jpg\" alt=\"cal al 3\" width=\"101\" height=\"120\" \/><\/a><\/p>\n<p style=\"text-align: center;\"><em>Liofilizaci\u00f3n y digesti\u00f3n de semillas de lino e higos chumbos<\/em><\/p>\n<p>&nbsp;<\/p>\n<h3>L\u00edneas de investigaci\u00f3n<\/h3>\n<p>&nbsp;<\/p>\n<h3>L\u00ednea 1:\u00a0Control anal\u00edtico de metales en alimentos y complementos alimenticios<\/h3>\n<p>Esta l\u00ednea tiene una importancia considerable en la nutrici\u00f3n humana, tanto desde el punto de vista fisiol\u00f3gico y toxicol\u00f3gico, como desde la perspectiva del control de calidad y la tecnolog\u00eda alimentaria. No s\u00f3lo es interesante estudiar y controlar los niveles de estos metales, sino que tambi\u00e9n es de gran inter\u00e9s estudiar las posibles interrelaciones entre estos metales.<\/p>\n<p style=\"text-align: center;\"><a href=\"http:\/\/bioingenieria.umh.es\/files\/2021\/12\/calidad-comida-linea-1.png\"><img loading=\"lazy\" class=\"alignnone size-full wp-image-694\" src=\"http:\/\/bioingenieria.umh.es\/files\/2021\/12\/calidad-comida-linea-1.png\" alt=\"calidad comida l\u00ednea 1\" width=\"431\" height=\"291\" \/><\/a><\/p>\n<p style=\"text-align: center;\"><em>Determinaci\u00f3n de metales por ICP-masa<\/em><\/p>\n<p>&nbsp;<\/p>\n<h3>L\u00ednea 2: Investigaci\u00f3n nutricional en el \u00e1mbito de la Oficina de Farmacia<\/h3>\n<p>La Oficina de Farmacia debe buscar nuevas v\u00edas para mejorar y enriquecer el \u00e1mbito de actuaci\u00f3n. Por ello hemos abierto una l\u00ednea para caracterizar, analizar el grado de oxidaci\u00f3n, y los procesos de elaboraci\u00f3n de determinados complementos alimenticios que se dispensan en las farmacias y grandes establecimientos, y posteriormente realizar estudios de intervenci\u00f3n nutricional.<\/p>\n<p style=\"text-align: center;\"><a href=\"http:\/\/bioingenieria.umh.es\/files\/2021\/12\/calidad-comida-linea-2-2-e1620895903863.jpg\"><img loading=\"lazy\" class=\"alignnone size-full wp-image-697\" src=\"http:\/\/bioingenieria.umh.es\/files\/2021\/12\/calidad-comida-linea-2-2-e1620895903863.jpg\" alt=\"calidad comida l\u00ednea 2-2\" width=\"143\" height=\"169\" \/><\/a> <a href=\"http:\/\/bioingenieria.umh.es\/files\/2021\/12\/calidad-comida-22-e1620895938857.jpg\"><img loading=\"lazy\" class=\"alignnone size-full wp-image-757\" src=\"http:\/\/bioingenieria.umh.es\/files\/2021\/12\/calidad-comida-22-e1620895938857.jpg\" alt=\"calidad comida 22\" width=\"112\" height=\"169\" \/><\/a> <a href=\"http:\/\/bioingenieria.umh.es\/files\/2021\/12\/calidad-comida-23-e1620895950368.jpg\"><img loading=\"lazy\" class=\"alignnone size-full wp-image-758\" src=\"http:\/\/bioingenieria.umh.es\/files\/2021\/12\/calidad-comida-23-e1620895950368.jpg\" alt=\"calidad comida 23\" width=\"173\" height=\"169\" \/><\/a><\/p>\n<p style=\"text-align: center;\"><em>Estudio de percepci\u00f3n en ni\u00f1os autistas<\/em><\/p>\n<p>&nbsp;<\/p>\n<h3>L\u00ednea 3:\u00a0An\u00e1lisis sensorial y estudio de los consumidores de alimentos<\/h3>\n<p>Trabajamos con alimentos como el turr\u00f3n y todos sus ingredientes con el objetivo de mejorar aspectos relacionados con las caracter\u00edsticas organol\u00e9pticas del producto.<\/p>\n<p style=\"text-align: center;\"><a href=\"http:\/\/bioingenieria.umh.es\/files\/2021\/12\/Imagen5-e1620896133520.jpg\"><img loading=\"lazy\" class=\"alignnone size-full wp-image-699\" src=\"http:\/\/bioingenieria.umh.es\/files\/2021\/12\/Imagen5-e1620896133520.jpg\" alt=\"Imagen5\" width=\"341\" height=\"280\" \/><\/a><\/p>\n<p style=\"text-align: center;\"><em>Degustaci\u00f3n de turr\u00f3n<\/em><\/p>\n<p>[\/et_pb_tab][et_pb_tab title=&#8221;Miembros&#8221; _builder_version=&#8221;4.2.2&#8243; body_font=&#8221;Roboto||||&#8221; body_line_height=&#8221;2em&#8221; tab_font=&#8221;Roboto||||&#8221; tab_line_height=&#8221;2em&#8221; background_size=&#8221;initial&#8221; background_position=&#8221;top_left&#8221; background_repeat=&#8221;repeat&#8221; body_line_height_tablet=&#8221;2em&#8221; body_line_height_phone=&#8221;2em&#8221; tab_line_height_tablet=&#8221;2em&#8221; tab_line_height_phone=&#8221;2em&#8221;]<\/p>\n<table>\n<tbody>\n<tr>\n<td style=\"text-align: left;\" width=\"224\"><strong>Nombre<\/strong><\/td>\n<td style=\"text-align: left;\" width=\"328\"><strong>Puesto<\/strong><\/td>\n<td style=\"text-align: left;\" width=\"200\"><strong>Correo<\/strong><\/td>\n<td style=\"text-align: left;\" width=\"200\"><strong>ORCID<\/strong><\/td>\n<\/tr>\n<tr>\n<td style=\"font-weight: 400;\">Elena Garc\u00eda Garc\u00eda<\/td>\n<td style=\"font-weight: 400;\">Profesora titular de Universidad<\/td>\n<td style=\"font-weight: 400;\"><a href=\"mailto:egarcia@umh.com\" target=\"_blank\" rel=\"noopener\">egarcia@umh.com<\/a><\/td>\n<td style=\"font-weight: 400;\">0000-0002-1723-0668<\/td>\n<\/tr>\n<\/tbody>\n<\/table>\n<p>[\/et_pb_tab][et_pb_tab title=&#8221;Publicaciones&#8221; _builder_version=&#8221;4.2.2&#8243; body_font=&#8221;Roboto||||&#8221; body_line_height=&#8221;2em&#8221; tab_font=&#8221;Roboto||||&#8221; tab_line_height=&#8221;2em&#8221; background_size=&#8221;initial&#8221; background_position=&#8221;top_left&#8221; background_repeat=&#8221;repeat&#8221; body_line_height_tablet=&#8221;2em&#8221; body_line_height_phone=&#8221;2em&#8221; tab_line_height_tablet=&#8221;2em&#8221; tab_line_height_phone=&#8221;2em&#8221;]<\/p>\n<ul>\n<li><a href=\"https:\/\/research.umh.es\/vivo\/individual?uri=http%3A%2F%2Fresearch.umh.es%2Fvivo%2Fpub%2Farticulo%2F219258\">Distribution of essential and non-essential elements in rice located in a Protected Natural Reserve \u00bfMarjal de Pego-Oliva\u00bf.<\/a>.\u00a0\u00a0<em>JOURNAL OF FOOD COMPOSITION AND ANALYSIS<\/em>.\u00a0 103654-103656.\u00a02020<\/li>\n<p>&nbsp;<\/p>\n<li><a href=\"https:\/\/research.umh.es\/vivo\/individual?uri=http%3A%2F%2Fresearch.umh.es%2Fvivo%2Fpub%2Farticulo%2F219260\">How a Spanish Group of Millennial Generation Perceives the Commercial Novel Smoothies?<\/a>.\u00a0\u00a0<em>FOODS<\/em>.\u00a0 1213-1223.\u00a02020<\/li>\n<p>&nbsp;<\/p>\n<li><a href=\"https:\/\/research.umh.es\/vivo\/individual?uri=http%3A%2F%2Fresearch.umh.es%2Fvivo%2Fpub%2Farticulo%2F219336\">Optimization of roasting conditions in hydroSOStainable almonds using volatile and descriptive sensory profiles and consumer acceptance<\/a>.\u00a0\u00a0<em>JOURNAL OF FOOD SCIENCE<\/em>.\u00a0 3969-3980.\u00a02020<\/li>\n<p>&nbsp;<\/p>\n<li><a href=\"https:\/\/research.umh.es\/vivo\/individual?uri=http%3A%2F%2Fresearch.umh.es%2Fvivo%2Fpub%2Farticulo%2F207352\">COMSUMPTION OF MULTI-INGREDIENTES COLD, FLU AND ALLERGY PRODUCTS AMONG GENERAL POPULATION<\/a>.\u00a0\u00a0<em>ICERI PROCEEDINGS<\/em>.\u00a0 9293-9296.\u00a02019<\/li>\n<p>&nbsp;<\/p>\n<li><a href=\"https:\/\/research.umh.es\/vivo\/individual?uri=http%3A%2F%2Fresearch.umh.es%2Fvivo%2Fpub%2Farticulo%2F207353\">Healthy digital nutrition<\/a>.\u00a0\u00a0<em>ICERI PROCEEDINGS<\/em>.\u00a0 9298-9302.\u00a02019<\/li>\n<p>&nbsp;<\/p>\n<li><a href=\"https:\/\/research.umh.es\/vivo\/individual?uri=http%3A%2F%2Fresearch.umh.es%2Fvivo%2Fpub%2Farticulo%2F206182\">Inorganic arsenic content in Ecuadorian rice-based products<\/a>.\u00a0\u00a0<em>FOOD ADDITIVES AND CONTAMINANTS PART A-CHEMISTRY ANALYSIS CONTROL EXPOSURE &amp; RISK ASSESSMENT<\/em>.\u00a0 922-928.\u00a02019<\/li>\n<p>&nbsp;<\/p>\n<li><a href=\"https:\/\/research.umh.es\/vivo\/individual?uri=http%3A%2F%2Fresearch.umh.es%2Fvivo%2Fpub%2Farticulo%2F180071\">Comparison of Soxhlet and ultrasound methods for oil extraction from Spanish flaxseeds<\/a>.\u00a0\u00a0<em>JOURNAL OF MICROBIOLOGY, BIOTECHNOLOGY AND FOOD SCIENCES<\/em>.\u00a0 332-336.\u00a02017<\/li>\n<p>&nbsp;<\/p>\n<li><a href=\"https:\/\/research.umh.es\/vivo\/individual?uri=http%3A%2F%2Fresearch.umh.es%2Fvivo%2Fpub%2Farticulo%2F167310\">Aluminium, nickel, cadmium and lead in candy products and assessment of daily intake by children in Spain.<\/a>.\u00a0\u00a0<em>FOOD ADDITIVES &amp; CONTAMINANTS PART B-SURVEILLANCE<\/em>.\u00a0 66-71.\u00a02016<\/li>\n<p>&nbsp;<\/p>\n<li><a href=\"https:\/\/research.umh.es\/vivo\/individual?uri=http%3A%2F%2Fresearch.umh.es%2Fvivo%2Fpub%2Farticulo%2F131829\">Effect of omega-3 dietary supplements with different oxidation levels in the lipidic profile of women: a randomized controlled trial<\/a>.\u00a0\u00a0<em>INTERNATIONAL JOURNAL OF FOOD SCIENCES AND NUTRITION<\/em>.\u00a0 993-1000.\u00a02013<\/li>\n<p>&nbsp;<\/p>\n<li><a href=\"https:\/\/research.umh.es\/vivo\/individual?uri=http%3A%2F%2Fresearch.umh.es%2Fvivo%2Fpub%2Farticulo%2F133172\">The effect of consumption of inulin-enriched Turr\u00f3n upon blood serum lipids over a 5-week period<\/a>.\u00a0\u00a0<em>INTERNATIONAL JOURNAL OF FOOD SCIENCE AND TECHNOLOGY<\/em>.\u00a0 405-411.\u00a02013<\/li>\n<p>&nbsp;<\/p>\n<li><a href=\"https:\/\/research.umh.es\/vivo\/individual?uri=http%3A%2F%2Fresearch.umh.es%2Fvivo%2Fpub%2Farticulo%2F119870\">Volatile composition of &#8220;a la piedra&#8221; turr\u00f3n enriched with royal jelly<\/a>.\u00a0\u00a0<em>ITALIAN JOURNAL OF FOOD SCIENCE<\/em>.\u00a0 132-139.\u00a02012<\/li>\n<p>&nbsp;<\/p>\n<li><a href=\"https:\/\/research.umh.es\/vivo\/individual?uri=http%3A%2F%2Fresearch.umh.es%2Fvivo%2Fpub%2Farticulo%2F100188\">Fiber from tangerine juice industry<\/a>.\u00a0\u00a0<em>INDUSTRIAL CROPS AND PRODUCTS<\/em>.\u00a0 94-98.\u00a02010<\/li>\n<p>&nbsp;<\/p>\n<li><a href=\"https:\/\/research.umh.es\/vivo\/individual?uri=http%3A%2F%2Fresearch.umh.es%2Fvivo%2Fpub%2Farticulo%2F94592\">Volatile composition of functional &#8220;a la piedra&#8221; turr\u00f3n with propolis<\/a>.\u00a0\u00a0<em>INTERNATIONAL JOURNAL OF FOOD SCIENCE AND TECHNOLOGY<\/em>.\u00a0 569-577.\u00a02010<\/li>\n<\/ul>\n<p>[\/et_pb_tab][et_pb_tab title=&#8221;Proyectos&#8221; _builder_version=&#8221;4.2.2&#8243; body_font=&#8221;||||&#8221; body_line_height=&#8221;2em&#8221; tab_font=&#8221;||||&#8221; tab_line_height=&#8221;2em&#8221; background_size=&#8221;initial&#8221; background_position=&#8221;top_left&#8221; background_repeat=&#8221;repeat&#8221; body_line_height_tablet=&#8221;2em&#8221; body_line_height_phone=&#8221;2em&#8221; tab_line_height_tablet=&#8221;2em&#8221; tab_line_height_phone=&#8221;2em&#8221;]2014-La dieta de Nuestros mayores a examen.<br \/>\nPI: E-Garc\u00edaGarc\u00eda<\/p>\n<p>2014-Elaboraci\u00f3n de platos con baja carga gluc\u00e9mica.<br \/>\nPI: E-Garc\u00edaGarc\u00eda<\/p>\n<p>2015-Todos hacemos ciencia y tecnolog\u00eda.<br \/>\nPI:E- Roche Collado,E.Garc\u00eda-Garc\u00eda<\/p>\n<p>2019-Alimentaci\u00f3n digital saludable.<br \/>\nPI: E-Garc\u00edaGarc\u00eda<\/p>\n<p>2020-Efecto de las t\u00e9cnicas de cultivo, zonificaci\u00f3n y variedad de almendra en la calidad del turr\u00f3n IGP.<br \/>\nPI: Elena Garc\u00eda Garc\u00eda, \u00c1ngel Carbonell Barrachina, David L\u00f3pez Lluch, Francisca Hern\u00e1ndez Garc\u00eda, Esther Sendra Nadal, Francisco Burlo Carbonell.<\/p>\n<p>2020-Indicadores de origen, sostenibilidad, edad y calidad del Fondill\u00f3n y su aceptaci\u00f3n por los consumidores espa\u00f1oles y europeos.<br \/>\nPI: \u00c1ngel Carbonell Barrachina, Elena Garc\u00eda Garc\u00eda, David L\u00f3pez Lluch, Francisca Hern\u00e1ndez Garc\u00eda, Esther Sendra Nadal, Francisco Burlo Carbonell.<\/p>\n<p>2020- Mejora de sostenibilidad y calidad de las producciones de los DOPS Granada Mollar de Elche y uva de mesa embolsada del Vinalop\u00f3.<br \/>\nPI: David L\u00f3pez Lluch, \u00c1ngel Carbonell Barrachina, Elena Garc\u00eda Garc\u00eda, Francisca Hern\u00e1ndez Garc\u00eda, Esther Sendra Nadal, Francisco Burlo Carbonell.[\/et_pb_tab][et_pb_tab title=&#8221;Actividades&#8221; _builder_version=&#8221;4.2.2&#8243; body_font=&#8221;||||&#8221; body_line_height=&#8221;2em&#8221; tab_font=&#8221;||||&#8221; tab_line_height=&#8221;2em&#8221; background_size=&#8221;initial&#8221; background_position=&#8221;top_left&#8221; background_repeat=&#8221;repeat&#8221; body_line_height_tablet=&#8221;2em&#8221; body_line_height_phone=&#8221;2em&#8221; tab_line_height_tablet=&#8221;2em&#8221; tab_line_height_phone=&#8221;2em&#8221;]<\/p>\n<p><strong>Libros publicados<\/strong><\/p>\n<ul>\n<li><a href=\"https:\/\/research.umh.es\/vivo\/individual?uri=http%3A%2F%2Fresearch.umh.es%2Fvivo%2Fpub%2Fcapitulo%2F74156\">Metales pesados y Tea<\/a>.\u00a0\u00a0<em>1AS JORNADAS UMH-ASPANIAS. INTER\u00c9S SENSORIAL DE LA ALIMENTACI\u00d3N EN DISCAPACIDAD INTELECTUAL Y FUNCIONAL<\/em>. 103-140.\u00a02019<\/li>\n<li>Men\u00fa de platos de calidad de baja carga gluc\u00e9mica. ISBN: 978-84-122797-8-8<\/li>\n<li><a href=\"https:\/\/research.umh.es\/vivo\/individual?uri=http%3A%2F%2Fresearch.umh.es%2Fvivo%2Fpub%2Fcapitulo%2F59137\">EVALUACI\u00d3N DEL IMPACTO DEL DOCUMENTAL &#8216;ALIMENTACI\u00d3N SALUDABLE PARA UNA VIDA SANA&#8217; SOBRE LA ADQUISICI\u00d3N DE CONOCIMIENTOS DE H\u00c1BITOS NUTRICIONALES SALUDABLES EN POBLACI\u00d3N ESCOLAR ADOLESCENTE<\/a>.\u00a0\u00a0<em>APRENDIZAJE-SERVICIO, DESARROLLO Y COMUNIDADES PROFESIONALES DE APRENDIZAJE EN EDUCACI\u00d3N SUPERIOR<\/em>. 76-80.\u00a02016<\/li>\n<li><a href=\"https:\/\/research.umh.es\/vivo\/individual?uri=http%3A%2F%2Fresearch.umh.es%2Fvivo%2Fpub%2Fcapitulo%2F31476\">Alimentos Funcionales<\/a>.\u00a0\u00a0<em>NUTRICION, EDAD Y VITALIDAD<\/em>. 333-360.\u00a02009<\/li>\n<li><a href=\"https:\/\/research.umh.es\/vivo\/individual?uri=http%3A%2F%2Fresearch.umh.es%2Fvivo%2Fpub%2Fcapitulo%2F31456\">C\u00e1ncer<\/a>.\u00a0\u00a0<em>NUTRICION, EDAD Y VITALIDAD<\/em>. 273-293.\u00a02009<\/li>\n<\/ul>\n<p>[\/et_pb_tab][\/et_pb_tabs][\/et_pb_column][\/et_pb_row][et_pb_row padding_mobile=&#8221;off&#8221; column_padding_mobile=&#8221;on&#8221; disabled_on=&#8221;on|on|on&#8221; admin_label=&#8221;row&#8221; _builder_version=&#8221;3.25&#8243; background_size=&#8221;initial&#8221; background_position=&#8221;top_left&#8221; background_repeat=&#8221;repeat&#8221; max_width=&#8221;980px&#8221; make_fullwidth=&#8221;off&#8221; use_custom_width=&#8221;on&#8221; width_unit=&#8221;on&#8221; custom_width_px=&#8221;980px&#8221; disabled=&#8221;on&#8221;][et_pb_column type=&#8221;4_4&#8243; _builder_version=&#8221;3.25&#8243; custom_padding=&#8221;|||&#8221; custom_padding__hover=&#8221;|||&#8221;][et_pb_tabs admin_label=&#8221;Pesta\u00f1as&#8221; _builder_version=&#8221;3.0.87&#8243; tab_font=&#8221;Roboto||||&#8221; tab_line_height=&#8221;1.4em&#8221; background_size=&#8221;initial&#8221; background_position=&#8221;top_left&#8221; background_repeat=&#8221;repeat&#8221; use_border_color=&#8221;off&#8221; border_color=&#8221;#ffffff&#8221; border_style=&#8221;solid&#8221;][et_pb_tab title=&#8221;Informaci\u00f3n&#8221; _builder_version=&#8221;3.0.48&#8243; body_font=&#8221;||||&#8221; body_line_height=&#8221;2em&#8221; tab_font=&#8221;||||&#8221; tab_line_height=&#8221;2em&#8221; background_size=&#8221;initial&#8221; background_position=&#8221;top_left&#8221; background_repeat=&#8221;repeat&#8221; body_line_height_tablet=&#8221;2em&#8221; body_line_height_phone=&#8221;2em&#8221; tab_line_height_tablet=&#8221;2em&#8221; tab_line_height_phone=&#8221;2em&#8221;]<\/p>\n<table>\n<tbody>\n<tr>\n<td><strong>Responsable<\/strong><\/td>\n<td>Francisco Miguel Burl\u00f3 Carbonell<\/td>\n<\/tr>\n<tr>\n<td><strong>Web propia<\/strong><\/td>\n<td><a href=\"http:\/\/sensofoodsolutions.com\" target=\"_blank\" rel=\"noopener\">http:\/\/sensofoodsolutions.com<\/a><\/td>\n<\/tr>\n<\/tbody>\n<\/table>\n<p>&nbsp;<\/p>\n<h3>Resumen de la investigaci\u00f3n<\/h3>\n<p>&nbsp;<br \/>\nEl grupo de investigaci\u00f3n se centra en el estudio de la influencia de los procesos de fabricaci\u00f3n de los productos en el almacenamiento y las caracter\u00edsticas sensoriales. Otra segunda l\u00ednea del grupo se dedica a la caracterizaci\u00f3n de alimentos y complementos alimenticios para su posible uso como ingredientes funcionales de alimentos espec\u00edficos para la salud. La tercera l\u00ednea es la determinaci\u00f3n de metales pesados y oligoelementos en los alimentos. El grupo de investigaci\u00f3n se centra en el estudio de la influencia de los procesos de fabricaci\u00f3n de los productos en el almacenamiento y las caracter\u00edsticas sensoriales. Otra segunda l\u00ednea del grupo se dedica a la caracterizaci\u00f3n de alimentos y complementos alimenticios para su posible uso como ingredientes funcionales para alimentos espec\u00edficos para la salud. La tercera l\u00ednea es la determinaci\u00f3n de metales pesados y oligoelementos en los alimentos.<\/p>\n<p style=\"text-align: center\"><a href=\"http:\/\/bioingenieria.edu.umh.es\/wp-content\/uploads\/sites\/1151\/2021\/05\/cal-al-1-e1620895120709.jpg\"><img loading=\"lazy\" class=\"alignnone size-full wp-image-1045\" src=\"http:\/\/bioingenieria.edu.umh.es\/wp-content\/uploads\/sites\/1151\/2021\/05\/cal-al-1-e1620895120709.jpg\" alt=\"cal al 1\" width=\"102\" height=\"120\"><\/a> <a href=\"http:\/\/bioingenieria.edu.umh.es\/wp-content\/uploads\/sites\/1151\/2021\/05\/cal-al-2-e1620895133811.jpg\"><img loading=\"lazy\" class=\"alignnone size-full wp-image-1046\" src=\"http:\/\/bioingenieria.edu.umh.es\/wp-content\/uploads\/sites\/1151\/2021\/05\/cal-al-2-e1620895133811.jpg\" alt=\"cal al 2\" width=\"110\" height=\"116\"><\/a> <a href=\"http:\/\/bioingenieria.edu.umh.es\/wp-content\/uploads\/sites\/1151\/2021\/05\/cal-al-3.jpg\"><img loading=\"lazy\" class=\"alignnone size-full wp-image-1044\" src=\"http:\/\/bioingenieria.edu.umh.es\/wp-content\/uploads\/sites\/1151\/2021\/05\/cal-al-3.jpg\" alt=\"cal al 3\" width=\"101\" height=\"120\"><\/a><\/p>\n<p style=\"text-align: center\"><em>Liofilizaci\u00f3n y digesti\u00f3n de semillas de lino e higos chumbos<\/em><\/p>\n<p>&nbsp;<\/p>\n<h3>L\u00edneas de investigaci\u00f3n<\/h3>\n<p>&nbsp;<\/p>\n<h3>L\u00ednea 1:&nbsp;Control anal\u00edtico de metales en alimentos y complementos alimenticios<\/h3>\n<p>Esta l\u00ednea tiene una importancia considerable en la nutrici\u00f3n humana, tanto desde el punto de vista fisiol\u00f3gico y toxicol\u00f3gico, como desde la perspectiva del control de calidad y la tecnolog\u00eda alimentaria. No s\u00f3lo es interesante estudiar y controlar los niveles de estos metales, sino que tambi\u00e9n es de gran inter\u00e9s estudiar las posibles interrelaciones entre estos metales.<\/p>\n<p style=\"text-align: center\"><a href=\"http:\/\/bioingenieria.edu.umh.es\/wp-content\/uploads\/sites\/1151\/2021\/04\/calidad-comida-l\u00ednea-1.png\"><img loading=\"lazy\" class=\"alignnone size-full wp-image-694\" src=\"http:\/\/bioingenieria.edu.umh.es\/wp-content\/uploads\/sites\/1151\/2021\/04\/calidad-comida-l\u00ednea-1.png\" alt=\"calidad comida l\u00ednea 1\" width=\"431\" height=\"291\"><\/a><\/p>\n<p style=\"text-align: center\"><em>Determinaci\u00f3n de metales por ICP-masa<\/em><\/p>\n<p>&nbsp;<\/p>\n<h3>L\u00ednea 2: Investigaci\u00f3n nutricional en el \u00e1mbito de la Oficina de Farmacia<\/h3>\n<p>La Oficina de Farmacia debe buscar nuevas v\u00edas para mejorar y enriquecer el \u00e1mbito de actuaci\u00f3n. Por ello hemos abierto una l\u00ednea para caracterizar, analizar el grado de oxidaci\u00f3n, y los procesos de elaboraci\u00f3n de determinados complementos alimenticios que se dispensan en las farmacias y grandes establecimientos, y posteriormente realizar estudios de intervenci\u00f3n nutricional.<\/p>\n<p style=\"text-align: center\"><a href=\"http:\/\/bioingenieria.edu.umh.es\/wp-content\/uploads\/sites\/1151\/2021\/04\/calidad-comida-l\u00ednea-2-2-e1620895903863.jpg\"><img loading=\"lazy\" class=\"alignnone size-full wp-image-697\" src=\"http:\/\/bioingenieria.edu.umh.es\/wp-content\/uploads\/sites\/1151\/2021\/04\/calidad-comida-l\u00ednea-2-2-e1620895903863.jpg\" alt=\"calidad comida l\u00ednea 2-2\" width=\"143\" height=\"169\"><\/a> <a href=\"http:\/\/bioingenieria.edu.umh.es\/wp-content\/uploads\/sites\/1151\/2021\/04\/calidad-comida-22-e1620895938857.jpg\"><img loading=\"lazy\" class=\"alignnone size-full wp-image-757\" src=\"http:\/\/bioingenieria.edu.umh.es\/wp-content\/uploads\/sites\/1151\/2021\/04\/calidad-comida-22-e1620895938857.jpg\" alt=\"calidad comida 22\" width=\"112\" height=\"169\"><\/a> <a href=\"http:\/\/bioingenieria.edu.umh.es\/wp-content\/uploads\/sites\/1151\/2021\/04\/calidad-comida-23-e1620895950368.jpg\"><img loading=\"lazy\" class=\"alignnone size-full wp-image-758\" src=\"http:\/\/bioingenieria.edu.umh.es\/wp-content\/uploads\/sites\/1151\/2021\/04\/calidad-comida-23-e1620895950368.jpg\" alt=\"calidad comida 23\" width=\"173\" height=\"169\"><\/a><\/p>\n<p style=\"text-align: center\"><em>Estudio de percepci\u00f3n en ni\u00f1os autistas<\/em><\/p>\n<p>&nbsp;<\/p>\n<h3>L\u00ednea 3:&nbsp;An\u00e1lisis sensorial y estudio de los consumidores de alimentos<\/h3>\n<p>Trabajamos con alimentos como el turr\u00f3n y todos sus ingredientes con el objetivo de mejorar aspectos relacionados con las caracter\u00edsticas organol\u00e9pticas del producto.<\/p>\n<p style=\"text-align: center\"><a href=\"http:\/\/bioingenieria.edu.umh.es\/wp-content\/uploads\/sites\/1151\/2021\/04\/Imagen5-e1620896133520.jpg\"><img loading=\"lazy\" class=\"alignnone size-full wp-image-699\" src=\"http:\/\/bioingenieria.edu.umh.es\/wp-content\/uploads\/sites\/1151\/2021\/04\/Imagen5-e1620896133520.jpg\" alt=\"Imagen5\" width=\"341\" height=\"280\"><\/a> <a href=\"http:\/\/bioingenieria.edu.umh.es\/wp-content\/uploads\/sites\/1151\/2021\/04\/calidad-comida-l\u00ednea-2-e1620896148355.jpg\"><img loading=\"lazy\" class=\"alignnone size-full wp-image-695\" src=\"http:\/\/bioingenieria.edu.umh.es\/wp-content\/uploads\/sites\/1151\/2021\/04\/calidad-comida-l\u00ednea-2-e1620896148355.jpg\" alt=\"calidad comida l\u00ednea 2\" width=\"272\" height=\"280\"><\/a><\/p>\n<p style=\"text-align: center\"><em>Degustaci\u00f3n de turr\u00f3n<\/em><\/p>\n<p>[\/et_pb_tab][et_pb_tab title=&#8221;Miembros&#8221; _builder_version=&#8221;3.0.48&#8243; body_font=&#8221;Roboto||||&#8221; body_line_height=&#8221;2em&#8221; tab_font=&#8221;Roboto||||&#8221; tab_line_height=&#8221;2em&#8221; background_size=&#8221;initial&#8221; background_position=&#8221;top_left&#8221; background_repeat=&#8221;repeat&#8221; body_line_height_tablet=&#8221;2em&#8221; body_line_height_phone=&#8221;2em&#8221; tab_line_height_tablet=&#8221;2em&#8221; tab_line_height_phone=&#8221;2em&#8221;]<\/p>\n<table>\n<tbody>\n<tr>\n<td style=\"text-align: left\" width=\"224\"><strong>Nombre<\/strong><\/td>\n<td style=\"text-align: left\" width=\"328\"><strong>Puesto<\/strong><\/td>\n<td style=\"text-align: left\" width=\"200\"><strong>Correo<\/strong><\/td>\n<td style=\"text-align: left\" width=\"200\"><strong>ORCID<\/strong><\/td>\n<\/tr>\n<tr>\n<td style=\"font-weight: 400\">Francisco Miguel Burl\u00f3 Carbonell<\/td>\n<td style=\"font-weight: 400\">Catedr\u00e1tico de Universidad<\/td>\n<td style=\"font-weight: 400\"><a href=\"mailto:francisco.burlo@umh.es\" target=\"_blank\" rel=\"noopener\">francisco.burlo@umh.es<\/a><\/td>\n<td style=\"font-weight: 400\">&nbsp;<\/td>\n<\/tr>\n<tr>\n<td style=\"font-weight: 400\">Esther Sendra Nadal<\/td>\n<td style=\"font-weight: 400\">Catedr\u00e1tica de Universidad<\/td>\n<td style=\"font-weight: 400\"><a href=\"mailto:esther.sendra@umh.es\" target=\"_blank\" rel=\"noopener\">esther.sendra@umh.es<\/a><\/td>\n<td style=\"font-weight: 400\">&nbsp;<\/td>\n<\/tr>\n<tr>\n<td style=\"font-weight: 400\">Estefan\u00eda Valero Cases<\/td>\n<td style=\"font-weight: 400\">Profesora Asociada<\/td>\n<td style=\"font-weight: 400\"><a href=\"mailto:e.valero@umh.com\" target=\"_blank\" rel=\"noopener\">e.valero@umh.com<\/a><\/td>\n<td style=\"font-weight: 400\">&nbsp;<\/td>\n<\/tr>\n<tr>\n<td style=\"font-weight: 400\">Marina Cano Lamadrid<\/td>\n<td style=\"font-weight: 400\">Contratada laboral<\/td>\n<td style=\"font-weight: 400\"><a href=\"mailto:marina.canol@umh.com\" target=\"_blank\" rel=\"noopener\">marina.canol@umh.com<\/a><\/td>\n<td style=\"font-weight: 400\">&nbsp;<\/td>\n<\/tr>\n<tr>\n<td style=\"font-weight: 400\">Lu\u00eds Noguera Artiaga<\/td>\n<td style=\"font-weight: 400\">Contratado laboral<\/td>\n<td style=\"font-weight: 400\"><a href=\"mailto:lnogera@umh.com\" target=\"_blank\" rel=\"noopener\">lnogera@umh.com<\/a><\/td>\n<td style=\"font-weight: 400\">&nbsp;<\/td>\n<\/tr>\n<tr>\n<td style=\"font-weight: 400\">Leontina Lipan<\/td>\n<td style=\"font-weight: 400\">&nbsp;<\/td>\n<td style=\"font-weight: 400\"><a href=\"mailto:llipan@umh.com\" target=\"_blank\" rel=\"noopener\">llipan@umh.com<\/a><\/td>\n<td style=\"font-weight: 400\">&nbsp;<\/td>\n<\/tr>\n<tr>\n<td style=\"font-weight: 400\">Hanan Issa Issa<\/td>\n<td style=\"font-weight: 400\">&nbsp;<\/td>\n<td style=\"font-weight: 400\"><a href=\"mailto:hissa@umh.es\" target=\"_blank\" rel=\"noopener\">hissa@umh.es<\/a><\/td>\n<td style=\"font-weight: 400\">&nbsp;<\/td>\n<\/tr>\n<tr>\n<td style=\"font-weight: 400\">Mar\u00eda Jos\u00e9 Frutos Fernandez<\/td>\n<td style=\"font-weight: 400\">Profesora titular de Universidad<\/td>\n<td style=\"font-weight: 400\"><a href=\"mailto:mj.frutos@umh.es\" target=\"_blank\" rel=\"noopener\">mj.frutos@umh.es<\/a><\/td>\n<td style=\"font-weight: 400\">&nbsp;<\/td>\n<\/tr>\n<tr>\n<td style=\"font-weight: 400\">Elena Garc\u00eda Garc\u00eda<\/td>\n<td style=\"font-weight: 400\">Profesora titular de Universidad<\/td>\n<td style=\"font-weight: 400\"><a href=\"mailto:egarcia@umh.com\" target=\"_blank\" rel=\"noopener\">egarcia@umh.com<\/a><\/td>\n<td style=\"font-weight: 400\">&nbsp;<\/td>\n<\/tr>\n<\/tbody>\n<\/table>\n<p>[\/et_pb_tab][et_pb_tab title=&#8221;Publicaciones&#8221; _builder_version=&#8221;3.0.48&#8243; body_font=&#8221;Roboto||||&#8221; body_line_height=&#8221;2em&#8221; tab_font=&#8221;Roboto||||&#8221; tab_line_height=&#8221;2em&#8221; background_size=&#8221;initial&#8221; background_position=&#8221;top_left&#8221; background_repeat=&#8221;repeat&#8221; body_line_height_tablet=&#8221;2em&#8221; body_line_height_phone=&#8221;2em&#8221; tab_line_height_tablet=&#8221;2em&#8221; tab_line_height_phone=&#8221;2em&#8221;]<\/p>\n<p style=\"font-weight: 400\">R. Mar\u00edn, X. Barber, C. Cabrera, A. Carbonell, E. Vilanova, V. M. Garc\u00eda, E. Roche; E. Garcia<br \/>\n<a href=\"https:\/\/www.tandfonline.com\/doi\/abs\/10.1080\/19393210.2015.1131753\" target=\"_blank\" rel=\"noopener\"><strong>Aluminium, Nickel, cadmium and lead in candy products and assessment of daily intake by children in Spain<\/strong><\/a><br \/>\nFood Additives &amp; Contaminants: PART B, vol:9- N\u00aa1-66-71 (2016).<\/p>\n<p style=\"font-weight: 400\">M. Cano, K. Tkacz, I. P. Turkiewcz, J. Clemente, L. S\u00e1nchez, L. Lipan, E. Garc\u00eda, A. Carbonell and A. Wojdylo<br \/>\n<a href=\"https:\/\/www.mdpi.com\/2304-8158\/9\/9\/1213\" target=\"_blank\" rel=\"noopener\"><strong>How a Spanish Group of Millenial Generation Perceives the Commercial Novel Smoothies<\/strong><\/a><br \/>\nFoods. Pages: vol9, 1213-1-17 (2020).<\/p>\n<p style=\"font-weight: 400\">M. Cano, D. G\u00edrona,E. Garc\u00eda, V. Domingu\u00eds, C. Domingo, E. Sendra, D. L\u00f3pez, A. Carbonell<br \/>\n<a href=\"https:\/\/www.sciencedirect.com\/science\/article\/abs\/pii\/S0889157520313594\" target=\"_blank\" rel=\"noopener\"><strong>Distribution of essential and non-essential elements in rice located in a protected Natural Reserve \u201cMarjal de pego-Oliva\u201d<\/strong><\/a><br \/>\nJournal of Food Composition and Analysis 94 10365. Pages: 1-8 (2020).<\/p>\n<p>[\/et_pb_tab][et_pb_tab title=&#8221;Proyectos&#8221; _builder_version=&#8221;3.0.48&#8243; body_font=&#8221;||||&#8221; body_line_height=&#8221;2em&#8221; tab_font=&#8221;||||&#8221; tab_line_height=&#8221;2em&#8221; background_size=&#8221;initial&#8221; background_position=&#8221;top_left&#8221; background_repeat=&#8221;repeat&#8221; body_line_height_tablet=&#8221;2em&#8221; body_line_height_phone=&#8221;2em&#8221; tab_line_height_tablet=&#8221;2em&#8221; tab_line_height_phone=&#8221;2em&#8221;][\/et_pb_tab][et_pb_tab title=&#8221;Actividades&#8221; _builder_version=&#8221;3.0.48&#8243; body_font=&#8221;||||&#8221; body_line_height=&#8221;2em&#8221; tab_font=&#8221;||||&#8221; tab_line_height=&#8221;2em&#8221; background_size=&#8221;initial&#8221; background_position=&#8221;top_left&#8221; background_repeat=&#8221;repeat&#8221; body_line_height_tablet=&#8221;2em&#8221; body_line_height_phone=&#8221;2em&#8221; tab_line_height_tablet=&#8221;2em&#8221; tab_line_height_phone=&#8221;2em&#8221;]<strong>Libros publicados<\/strong><\/p>\n<ul>\n<li><span style=\"font-weight: 400\">Garc\u00eda- Garc\u00eda E, Roche Collado E, Fuentes Marhuenda, E (<\/span>Editores<i>.Nutrici\u00f3n, edad y vitalidad<\/i>. Editorial Limencop, 2013. ISBN: 978-84-613-5964-6<\/li>\n<li>Pell\u00edn MC, Esteban J, Garc\u00eda E, Barril J. Alimentaci\u00f3n saludable para una vida sana CASTELLANO. (Editorial electr\u00f3nica UMH) 2014. ISBN: 978-84-16024-07-5<\/li>\n<li>Pell\u00edn MC, Esteban J, Garc\u00eda E, Barril J. Alimentaci\u00f3 saludable per a una vida sana CATALAN. (Editorial electr\u00f3nica UMH).2014.&nbsp; ISBN: 978-84-16024-02-5<\/li>\n<li>Gu\u00eda escolar diet\u00e9tico-nutricional. (Editorial Limencop).2014.&nbsp; ISBN: 978-84-94135<\/li>\n<\/ul>\n<p>[\/et_pb_tab][\/et_pb_tabs][\/et_pb_column][\/et_pb_row][\/et_pb_section][et_pb_section fb_built=&#8221;1&#8243; fullwidth=&#8221;on&#8221; disabled_on=&#8221;off|off|off&#8221; admin_label=&#8221;Secci\u00f3n&#8221; _builder_version=&#8221;3.22&#8243;][et_pb_fullwidth_header title=&#8221;Food Quality and Safety Group&#8221; text_orientation=&#8221;center&#8221; content_max_width=&#8221;none&#8221; admin_label=&#8221;T\u00edtulo de anchura completa&#8221; _builder_version=&#8221;3.16&#8243; background_color=&#8221;#649922&#8243; button_one_letter_spacing_hover=&#8221;0&#8243; button_two_letter_spacing_hover=&#8221;0&#8243; button_one_text_size__hover_enabled=&#8221;off&#8221; button_two_text_size__hover_enabled=&#8221;off&#8221; button_one_text_color__hover_enabled=&#8221;off&#8221; button_two_text_color__hover_enabled=&#8221;off&#8221; button_one_border_width__hover_enabled=&#8221;off&#8221; button_two_border_width__hover_enabled=&#8221;off&#8221; button_one_border_color__hover_enabled=&#8221;off&#8221; button_two_border_color__hover_enabled=&#8221;off&#8221; button_one_border_radius__hover_enabled=&#8221;off&#8221; button_two_border_radius__hover_enabled=&#8221;off&#8221; button_one_letter_spacing__hover_enabled=&#8221;on&#8221; button_one_letter_spacing__hover=&#8221;0&#8243; button_two_letter_spacing__hover_enabled=&#8221;on&#8221; button_two_letter_spacing__hover=&#8221;0&#8243; button_one_bg_color__hover_enabled=&#8221;off&#8221; button_two_bg_color__hover_enabled=&#8221;off&#8221;][\/et_pb_fullwidth_header][\/et_pb_section][et_pb_section fb_built=&#8221;1&#8243; disabled_on=&#8221;off|off|off&#8221; admin_label=&#8221;section&#8221; _builder_version=&#8221;3.22&#8243;][et_pb_row padding_mobile=&#8221;off&#8221; column_padding_mobile=&#8221;on&#8221; admin_label=&#8221;row&#8221; _builder_version=&#8221;3.25&#8243; background_size=&#8221;initial&#8221; background_position=&#8221;top_left&#8221; background_repeat=&#8221;repeat&#8221; max_width=&#8221;980px&#8221; make_fullwidth=&#8221;off&#8221; use_custom_width=&#8221;on&#8221; width_unit=&#8221;on&#8221; custom_width_px=&#8221;980px&#8221;][et_pb_column type=&#8221;4_4&#8243; _builder_version=&#8221;3.25&#8243; custom_padding=&#8221;|||&#8221; custom_padding__hover=&#8221;|||&#8221;][et_pb_tabs admin_label=&#8221;Pesta\u00f1as&#8221; _builder_version=&#8221;4.2.2&#8243; tab_font=&#8221;Roboto||||&#8221; tab_line_height=&#8221;1.4em&#8221; background_size=&#8221;initial&#8221; background_position=&#8221;top_left&#8221; background_repeat=&#8221;repeat&#8221; hover_enabled=&#8221;0&#8243; use_border_color=&#8221;off&#8221; border_color=&#8221;#ffffff&#8221; border_style=&#8221;solid&#8221;][et_pb_tab title=&#8221;Information&#8221; _builder_version=&#8221;4.2.2&#8243; body_font=&#8221;||||&#8221; body_line_height=&#8221;2em&#8221; tab_font=&#8221;||||&#8221; tab_line_height=&#8221;2em&#8221; background_size=&#8221;initial&#8221; background_position=&#8221;top_left&#8221; background_repeat=&#8221;repeat&#8221; hover_enabled=&#8221;0&#8243; body_line_height_tablet=&#8221;2em&#8221; body_line_height_phone=&#8221;2em&#8221; tab_line_height_tablet=&#8221;2em&#8221; tab_line_height_phone=&#8221;2em&#8221;]<\/p>\n<table>\n<tbody>\n<tr>\n<td><strong>Responsible<\/strong><\/td>\n<td>Francisco Miguel Burl\u00f3 Carbonell<\/td>\n<\/tr>\n<tr>\n<td><strong>Website<\/strong><\/td>\n<td><a href=\"http:\/\/sensofoodsolutions.com\" target=\"_blank\" rel=\"noopener\">http:\/\/sensofoodsolutions.com<\/a><\/td>\n<\/tr>\n<\/tbody>\n<\/table>\n<h3>Research summary<\/h3>\n<p style=\"text-align: justify;\">The research group is focused on studying the influence of product manufacturing processes on storage and sensory characteristics. Another second line of the group is dedicated to the characterization of foods and food supplements for possible use as functional ingredients for specific health foods. The third line is the determination of heavy metals and trace elements in foods. The research group is focused on studying the influence of product manufacturing processes on storage and sensory characteristics. Another second line of the group is dedicated to the characterization of foods and food supplements for possible use as functional ingredients for specific health foods. The third line is the determination of heavy metals and trace elements in foods.<\/p>\n<p style=\"text-align: center;\"><a href=\"http:\/\/bioingenieria.umh.es\/files\/2021\/12\/cal-al-1-e1620895120709-1.jpg\"><img loading=\"lazy\" class=\"alignnone size-full wp-image-1045\" src=\"http:\/\/bioingenieria.umh.es\/files\/2021\/12\/cal-al-1-e1620895120709-1.jpg\" alt=\"cal al 1\" width=\"102\" height=\"120\" \/><\/a> <a href=\"http:\/\/bioingenieria.umh.es\/files\/2021\/12\/cal-al-2-e1620895133811.jpg\"><img loading=\"lazy\" class=\"alignnone size-full wp-image-1046\" src=\"http:\/\/bioingenieria.umh.es\/files\/2021\/12\/cal-al-2-e1620895133811.jpg\" alt=\"cal al 2\" width=\"110\" height=\"116\" \/><\/a> <a href=\"http:\/\/bioingenieria.umh.es\/files\/2021\/12\/cal-al-3.jpg\"><img loading=\"lazy\" class=\"alignnone size-full wp-image-1044\" src=\"http:\/\/bioingenieria.umh.es\/files\/2021\/12\/cal-al-3.jpg\" alt=\"cal al 3\" width=\"101\" height=\"120\" \/><\/a><\/p>\n<p style=\"text-align: center;\"><em>Freeze-drying and digestion of flax seed and prickly pear<\/em><\/p>\n<h3>Research lines<\/h3>\n<h3>Line 1: Analytical control of metals in food and food supplements<\/h3>\n<p style=\"text-align: justify;\">This line has considerable importance in human nutrition both from a physiological and toxicological point of view, and from a quality control and food technology perspective. Not only is it interesting to study and control the levels of these metals, but it is also of great interest to study the possible interrelationships between these metals.<\/p>\n<p style=\"text-align: center;\"><a href=\"http:\/\/bioingenieria.umh.es\/files\/2021\/12\/calidad-comida-linea-1.png\"><img loading=\"lazy\" class=\"alignnone size-full wp-image-694\" src=\"http:\/\/bioingenieria.umh.es\/files\/2021\/12\/calidad-comida-linea-1.png\" alt=\"calidad comida l\u00ednea 1\" width=\"431\" height=\"291\" \/><\/a><\/p>\n<p style=\"text-align: center;\"><em>Metals Determination by ICP-Mass<\/em><\/p>\n<h3>Line 2: Nutritional research in the area of the Pharmacy Office<\/h3>\n<p style=\"text-align: justify;\">The Pharmacy Office should seek new ways to improve and enrich the scope of action. For this reason we have opened a line to characterize, analyze the degree of oxidation, and elaboration processes of certain food supplements that are dispensed in pharmacies and large establishments, and subsequently carry out nutritional intervention studies.<\/p>\n<p style=\"text-align: center;\"><a href=\"http:\/\/bioingenieria.umh.es\/files\/2021\/12\/calidad-comida-linea-2-2-e1620895903863.jpg\"><img loading=\"lazy\" class=\"alignnone size-full wp-image-697\" src=\"http:\/\/bioingenieria.umh.es\/files\/2021\/12\/calidad-comida-linea-2-2-e1620895903863.jpg\" alt=\"calidad comida l\u00ednea 2-2\" width=\"143\" height=\"169\" \/><\/a> <a href=\"http:\/\/bioingenieria.umh.es\/files\/2021\/12\/calidad-comida-22-e1620895938857.jpg\"><img loading=\"lazy\" class=\"alignnone size-full wp-image-757\" src=\"http:\/\/bioingenieria.umh.es\/files\/2021\/12\/calidad-comida-22-e1620895938857.jpg\" alt=\"calidad comida 22\" width=\"112\" height=\"169\" \/><\/a> <a href=\"http:\/\/bioingenieria.umh.es\/files\/2021\/12\/calidad-comida-23-e1620895950368.jpg\"><img loading=\"lazy\" class=\"alignnone size-full wp-image-758\" src=\"http:\/\/bioingenieria.umh.es\/files\/2021\/12\/calidad-comida-23-e1620895950368.jpg\" alt=\"calidad comida 23\" width=\"173\" height=\"169\" \/><\/a><\/p>\n<p style=\"text-align: center;\"><em>Perception study on autistic children<\/em><\/p>\n<h3>Line 3: Sensory analysis and study of food consumers<\/h3>\n<p style=\"text-align: justify;\">We work with foods such as nougat and all its ingredients with the aim of improving aspects related to the organoleptic characteristics of the product.<\/p>\n<p style=\"text-align: center;\"><a href=\"http:\/\/bioingenieria.umh.es\/files\/2021\/12\/Imagen5-e1620896133520.jpg\"><img loading=\"lazy\" class=\"alignnone size-full wp-image-699\" src=\"http:\/\/bioingenieria.umh.es\/files\/2021\/12\/Imagen5-e1620896133520.jpg\" alt=\"Imagen5\" width=\"341\" height=\"280\" \/><\/a><\/p>\n<p style=\"text-align: center;\"><em>Nougat teasting<\/em><\/p>\n<p>[\/et_pb_tab][et_pb_tab title=&#8221;Members&#8221; _builder_version=&#8221;4.2.2&#8243; body_font=&#8221;Roboto||||&#8221; body_line_height=&#8221;2em&#8221; tab_font=&#8221;Roboto||||&#8221; tab_line_height=&#8221;2em&#8221; background_size=&#8221;initial&#8221; background_position=&#8221;top_left&#8221; background_repeat=&#8221;repeat&#8221; body_line_height_tablet=&#8221;2em&#8221; body_line_height_phone=&#8221;2em&#8221; tab_line_height_tablet=&#8221;2em&#8221; tab_line_height_phone=&#8221;2em&#8221;]<\/p>\n<table>\n<tbody>\n<tr>\n<td style=\"text-align: left;\" width=\"224\"><strong>Nombre<\/strong><\/td>\n<td style=\"text-align: left;\" width=\"328\"><strong>Puesto<\/strong><\/td>\n<td style=\"text-align: left;\" width=\"200\"><strong>Correo<\/strong><\/td>\n<td style=\"text-align: left;\" width=\"200\"><strong>ORCID<\/strong><\/td>\n<\/tr>\n<tr>\n<td style=\"font-weight: 400;\">Elena Garc\u00eda Garc\u00eda<\/td>\n<td style=\"font-weight: 400;\">Associate Professor<\/td>\n<td style=\"font-weight: 400;\"><a href=\"mailto:egarcia@umh.com\" target=\"_blank\" rel=\"noopener\">egarcia@umh.com<\/a><\/td>\n<td style=\"font-weight: 400;\">0000-0002-1723-0668<\/td>\n<\/tr>\n<\/tbody>\n<\/table>\n<p>[\/et_pb_tab][et_pb_tab title=&#8221;Publications&#8221; _builder_version=&#8221;4.2.2&#8243; body_font=&#8221;Roboto||||&#8221; body_line_height=&#8221;2em&#8221; tab_font=&#8221;Roboto||||&#8221; tab_line_height=&#8221;2em&#8221; background_size=&#8221;initial&#8221; background_position=&#8221;top_left&#8221; background_repeat=&#8221;repeat&#8221; body_line_height_tablet=&#8221;2em&#8221; body_line_height_phone=&#8221;2em&#8221; tab_line_height_tablet=&#8221;2em&#8221; tab_line_height_phone=&#8221;2em&#8221;]<\/p>\n<ul>\n<li><a href=\"https:\/\/research.umh.es\/vivo\/individual?uri=http%3A%2F%2Fresearch.umh.es%2Fvivo%2Fpub%2Farticulo%2F219258\">Distribution of essential and non-essential elements in rice located in a Protected Natural Reserve \u00bfMarjal de Pego-Oliva\u00bf.<\/a>.  <em>JOURNAL OF FOOD COMPOSITION AND ANALYSIS<\/em>.  103654-103656. 2020<\/li>\n<p>&nbsp;<\/p>\n<li><a href=\"https:\/\/research.umh.es\/vivo\/individual?uri=http%3A%2F%2Fresearch.umh.es%2Fvivo%2Fpub%2Farticulo%2F219260\">How a Spanish Group of Millennial Generation Perceives the Commercial Novel Smoothies?<\/a>.  <em>FOODS<\/em>.  1213-1223. 2020<\/li>\n<p>&nbsp;<\/p>\n<li><a href=\"https:\/\/research.umh.es\/vivo\/individual?uri=http%3A%2F%2Fresearch.umh.es%2Fvivo%2Fpub%2Farticulo%2F219336\">Optimization of roasting conditions in hydroSOStainable almonds using volatile and descriptive sensory profiles and consumer acceptance<\/a>.  <em>JOURNAL OF FOOD SCIENCE<\/em>.  3969-3980. 2020<\/li>\n<p>&nbsp;<\/p>\n<li><a href=\"https:\/\/research.umh.es\/vivo\/individual?uri=http%3A%2F%2Fresearch.umh.es%2Fvivo%2Fpub%2Farticulo%2F207352\">COMSUMPTION OF MULTI-INGREDIENTES COLD, FLU AND ALLERGY PRODUCTS AMONG GENERAL POPULATION<\/a>.  <em>ICERI PROCEEDINGS<\/em>.  9293-9296. 2019<\/li>\n<p>&nbsp;<\/p>\n<li><a href=\"https:\/\/research.umh.es\/vivo\/individual?uri=http%3A%2F%2Fresearch.umh.es%2Fvivo%2Fpub%2Farticulo%2F207353\">Healthy digital nutrition<\/a>.  <em>ICERI PROCEEDINGS<\/em>.  9298-9302. 2019<\/li>\n<p>&nbsp;<\/p>\n<li><a href=\"https:\/\/research.umh.es\/vivo\/individual?uri=http%3A%2F%2Fresearch.umh.es%2Fvivo%2Fpub%2Farticulo%2F206182\">Inorganic arsenic content in Ecuadorian rice-based products<\/a>.  <em>FOOD ADDITIVES AND CONTAMINANTS PART A-CHEMISTRY ANALYSIS CONTROL EXPOSURE &amp; RISK ASSESSMENT<\/em>.  922-928. 2019<\/li>\n<p>&nbsp;<\/p>\n<li><a href=\"https:\/\/research.umh.es\/vivo\/individual?uri=http%3A%2F%2Fresearch.umh.es%2Fvivo%2Fpub%2Farticulo%2F180071\">Comparison of Soxhlet and ultrasound methods for oil extraction from Spanish flaxseeds<\/a>.  <em>JOURNAL OF MICROBIOLOGY, BIOTECHNOLOGY AND FOOD SCIENCES<\/em>.  332-336. 2017<\/li>\n<p>&nbsp;<\/p>\n<li><a href=\"https:\/\/research.umh.es\/vivo\/individual?uri=http%3A%2F%2Fresearch.umh.es%2Fvivo%2Fpub%2Farticulo%2F167310\">Aluminium, nickel, cadmium and lead in candy products and assessment of daily intake by children in Spain.<\/a>.  <em>FOOD ADDITIVES &amp; CONTAMINANTS PART B-SURVEILLANCE<\/em>.  66-71. 2016<\/li>\n<p>&nbsp;<\/p>\n<li><a href=\"https:\/\/research.umh.es\/vivo\/individual?uri=http%3A%2F%2Fresearch.umh.es%2Fvivo%2Fpub%2Farticulo%2F131829\">Effect of omega-3 dietary supplements with different oxidation levels in the lipidic profile of women: a randomized controlled trial<\/a>.  <em>INTERNATIONAL JOURNAL OF FOOD SCIENCES AND NUTRITION<\/em>.  993-1000. 2013<\/li>\n<p>&nbsp;<\/p>\n<li><a href=\"https:\/\/research.umh.es\/vivo\/individual?uri=http%3A%2F%2Fresearch.umh.es%2Fvivo%2Fpub%2Farticulo%2F133172\">The effect of consumption of inulin-enriched Turr\u00f3n upon blood serum lipids over a 5-week period<\/a>.  <em>INTERNATIONAL JOURNAL OF FOOD SCIENCE AND TECHNOLOGY<\/em>.  405-411. 2013<\/li>\n<p>&nbsp;<\/p>\n<li><a href=\"https:\/\/research.umh.es\/vivo\/individual?uri=http%3A%2F%2Fresearch.umh.es%2Fvivo%2Fpub%2Farticulo%2F119870\">Volatile composition of &#8220;a la piedra&#8221; turr\u00f3n enriched with royal jelly<\/a>.  <em>ITALIAN JOURNAL OF FOOD SCIENCE<\/em>.  132-139. 2012<\/li>\n<p>&nbsp;<\/p>\n<li><a href=\"https:\/\/research.umh.es\/vivo\/individual?uri=http%3A%2F%2Fresearch.umh.es%2Fvivo%2Fpub%2Farticulo%2F100188\">Fiber from tangerine juice industry<\/a>.  <em>INDUSTRIAL CROPS AND PRODUCTS<\/em>.  94-98. 2010<\/li>\n<p>&nbsp;<\/p>\n<li><a href=\"https:\/\/research.umh.es\/vivo\/individual?uri=http%3A%2F%2Fresearch.umh.es%2Fvivo%2Fpub%2Farticulo%2F94592\">Volatile composition of functional &#8220;a la piedra&#8221; turr\u00f3n with propolis<\/a>.  <em>INTERNATIONAL JOURNAL OF FOOD SCIENCE AND TECHNOLOGY<\/em>.  569-577. 2010<\/li>\n<\/ul>\n<p>[\/et_pb_tab][et_pb_tab title=&#8221;Projects&#8221; _builder_version=&#8221;3.0.48&#8243; body_font=&#8221;||||&#8221; body_line_height=&#8221;2em&#8221; tab_font=&#8221;||||&#8221; tab_line_height=&#8221;2em&#8221; background_size=&#8221;initial&#8221; background_position=&#8221;top_left&#8221; background_repeat=&#8221;repeat&#8221; body_line_height_tablet=&#8221;2em&#8221; body_line_height_phone=&#8221;2em&#8221; tab_line_height_tablet=&#8221;2em&#8221; tab_line_height_phone=&#8221;2em&#8221;][\/et_pb_tab][et_pb_tab title=&#8221;Activities&#8221; _builder_version=&#8221;4.2.2&#8243; body_font=&#8221;||||&#8221; body_line_height=&#8221;2em&#8221; tab_font=&#8221;||||&#8221; tab_line_height=&#8221;2em&#8221; background_size=&#8221;initial&#8221; background_position=&#8221;top_left&#8221; background_repeat=&#8221;repeat&#8221; body_line_height_tablet=&#8221;2em&#8221; body_line_height_phone=&#8221;2em&#8221; tab_line_height_tablet=&#8221;2em&#8221; tab_line_height_phone=&#8221;2em&#8221;]<strong>Published books<\/strong><\/p>\n<ul>\n<li><a href=\"https:\/\/research.umh.es\/vivo\/individual?uri=http%3A%2F%2Fresearch.umh.es%2Fvivo%2Fpub%2Fcapitulo%2F74156\">Metales pesados y Tea<\/a>.  <em>1AS JORNADAS UMH-ASPANIAS. INTER\u00c9S SENSORIAL DE LA ALIMENTACI\u00d3N EN DISCAPACIDAD INTELECTUAL Y FUNCIONAL<\/em>. 103-140. 2019<\/li>\n<li>Men\u00fa de platos de calidad de baja carga gluc\u00e9mica. ISBN: 978-84-122797-8-8<\/li>\n<li><a href=\"https:\/\/research.umh.es\/vivo\/individual?uri=http%3A%2F%2Fresearch.umh.es%2Fvivo%2Fpub%2Fcapitulo%2F59137\">EVALUACI\u00d3N DEL IMPACTO DEL DOCUMENTAL &#8216;ALIMENTACI\u00d3N SALUDABLE PARA UNA VIDA SANA&#8217; SOBRE LA ADQUISICI\u00d3N DE CONOCIMIENTOS DE H\u00c1BITOS NUTRICIONALES SALUDABLES EN POBLACI\u00d3N ESCOLAR ADOLESCENTE<\/a>.  <em>APRENDIZAJE-SERVICIO, DESARROLLO Y COMUNIDADES PROFESIONALES DE APRENDIZAJE EN EDUCACI\u00d3N SUPERIOR<\/em>. 76-80. 2016<\/li>\n<li><a href=\"https:\/\/research.umh.es\/vivo\/individual?uri=http%3A%2F%2Fresearch.umh.es%2Fvivo%2Fpub%2Fcapitulo%2F31476\">Alimentos Funcionales<\/a>.  <em>NUTRICION, EDAD Y VITALIDAD<\/em>. 333-360. 2009<\/li>\n<li><a href=\"https:\/\/research.umh.es\/vivo\/individual?uri=http%3A%2F%2Fresearch.umh.es%2Fvivo%2Fpub%2Fcapitulo%2F31456\">C\u00e1ncer<\/a>.  <em>NUTRICION, EDAD Y VITALIDAD<\/em>. 273-293. 2009<\/li>\n<\/ul>\n<p>[\/et_pb_tab][\/et_pb_tabs][et_pb_tabs disabled_on=&#8221;on|on|on&#8221; admin_label=&#8221;Pesta\u00f1as&#8221; _builder_version=&#8221;4.2.2&#8243; tab_font=&#8221;Roboto||||&#8221; tab_line_height=&#8221;1.4em&#8221; background_size=&#8221;initial&#8221; background_position=&#8221;top_left&#8221; background_repeat=&#8221;repeat&#8221; use_border_color=&#8221;off&#8221; border_color=&#8221;#ffffff&#8221; border_style=&#8221;solid&#8221; disabled=&#8221;on&#8221;][et_pb_tab title=&#8221;Information&#8221; _builder_version=&#8221;4.2.2&#8243; body_font=&#8221;||||&#8221; body_line_height=&#8221;2em&#8221; tab_font=&#8221;||||&#8221; tab_line_height=&#8221;2em&#8221; background_size=&#8221;initial&#8221; background_position=&#8221;top_left&#8221; background_repeat=&#8221;repeat&#8221; body_line_height_tablet=&#8221;2em&#8221; body_line_height_phone=&#8221;2em&#8221; tab_line_height_tablet=&#8221;2em&#8221; tab_line_height_phone=&#8221;2em&#8221;]<\/p>\n<table>\n<tbody>\n<tr>\n<td><strong>Responsible<\/strong><\/td>\n<td>Francisco Miguel Burl\u00f3 Carbonell<\/td>\n<\/tr>\n<tr>\n<td><strong>Website<\/strong><\/td>\n<td><a href=\"http:\/\/sensofoodsolutions.com\" target=\"_blank\" rel=\"noopener\">http:\/\/sensofoodsolutions.com<\/a><\/td>\n<\/tr>\n<\/tbody>\n<\/table>\n<h3>Research summary<\/h3>\n<p style=\"text-align: justify;\">The research group is focused on studying the influence of product manufacturing processes on storage and sensory characteristics. Another second line of the group is dedicated to the characterization of foods and food supplements for possible use as functional ingredients for specific health foods. The third line is the determination of heavy metals and trace elements in foods. The research group is focused on studying the influence of product manufacturing processes on storage and sensory characteristics. Another second line of the group is dedicated to the characterization of foods and food supplements for possible use as functional ingredients for specific health foods. The third line is the determination of heavy metals and trace elements in foods.<\/p>\n<p style=\"text-align: center;\"><a href=\"http:\/\/bioingenieria.umh.es\/files\/2021\/12\/cal-al-1-e1620895120709-1.jpg\"><img loading=\"lazy\" class=\"alignnone size-full wp-image-1045\" src=\"http:\/\/bioingenieria.umh.es\/files\/2021\/12\/cal-al-1-e1620895120709-1.jpg\" alt=\"cal al 1\" width=\"102\" height=\"120\" \/><\/a> <a href=\"http:\/\/bioingenieria.umh.es\/files\/2021\/12\/cal-al-2-e1620895133811.jpg\"><img loading=\"lazy\" class=\"alignnone size-full wp-image-1046\" src=\"http:\/\/bioingenieria.umh.es\/files\/2021\/12\/cal-al-2-e1620895133811.jpg\" alt=\"cal al 2\" width=\"110\" height=\"116\" \/><\/a> <a href=\"http:\/\/bioingenieria.umh.es\/files\/2021\/12\/cal-al-3.jpg\"><img loading=\"lazy\" class=\"alignnone size-full wp-image-1044\" src=\"http:\/\/bioingenieria.umh.es\/files\/2021\/12\/cal-al-3.jpg\" alt=\"cal al 3\" width=\"101\" height=\"120\" \/><\/a><\/p>\n<p style=\"text-align: center;\"><em>Freeze-drying and digestion of flax seed and prickly pear<\/em><\/p>\n<h3>Research lines<\/h3>\n<h3>Line 1: Analytical control of metals in food and food supplements<\/h3>\n<p style=\"text-align: justify;\">This line has considerable importance in human nutrition both from a physiological and toxicological point of view, and from a quality control and food technology perspective. Not only is it interesting to study and control the levels of these metals, but it is also of great interest to study the possible interrelationships between these metals.<\/p>\n<p style=\"text-align: center;\"><a href=\"http:\/\/bioingenieria.umh.es\/files\/2021\/12\/calidad-comida-linea-1.png\"><img loading=\"lazy\" class=\"alignnone size-full wp-image-694\" src=\"http:\/\/bioingenieria.umh.es\/files\/2021\/12\/calidad-comida-linea-1.png\" alt=\"calidad comida l\u00ednea 1\" width=\"431\" height=\"291\" \/><\/a><\/p>\n<p style=\"text-align: center;\"><em>Metals Determination by ICP-Mass<\/em><\/p>\n<h3>Line 2: Nutritional research in the area of the Pharmacy Office<\/h3>\n<p style=\"text-align: justify;\">The Pharmacy Office should seek new ways to improve and enrich the scope of action. For this reason we have opened a line to characterize, analyze the degree of oxidation, and elaboration processes of certain food supplements that are dispensed in pharmacies and large establishments, and subsequently carry out nutritional intervention studies.<\/p>\n<p style=\"text-align: center;\"><a href=\"http:\/\/bioingenieria.umh.es\/files\/2021\/12\/calidad-comida-linea-2-2-e1620895903863.jpg\"><img loading=\"lazy\" class=\"alignnone size-full wp-image-697\" src=\"http:\/\/bioingenieria.umh.es\/files\/2021\/12\/calidad-comida-linea-2-2-e1620895903863.jpg\" alt=\"calidad comida l\u00ednea 2-2\" width=\"143\" height=\"169\" \/><\/a> <a href=\"http:\/\/bioingenieria.umh.es\/files\/2021\/12\/calidad-comida-22-e1620895938857.jpg\"><img loading=\"lazy\" class=\"alignnone size-full wp-image-757\" src=\"http:\/\/bioingenieria.umh.es\/files\/2021\/12\/calidad-comida-22-e1620895938857.jpg\" alt=\"calidad comida 22\" width=\"112\" height=\"169\" \/><\/a> <a href=\"http:\/\/bioingenieria.umh.es\/files\/2021\/12\/calidad-comida-23-e1620895950368.jpg\"><img loading=\"lazy\" class=\"alignnone size-full wp-image-758\" src=\"http:\/\/bioingenieria.umh.es\/files\/2021\/12\/calidad-comida-23-e1620895950368.jpg\" alt=\"calidad comida 23\" width=\"173\" height=\"169\" \/><\/a><\/p>\n<p style=\"text-align: center;\"><em>Perception study on autistic children<\/em><\/p>\n<h3>Line 3: Sensory analysis and study of food consumers<\/h3>\n<p style=\"text-align: justify;\">We work with foods such as nougat and all its ingredients with the aim of improving aspects related to the organoleptic characteristics of the product.<\/p>\n<p style=\"text-align: center;\"><a href=\"http:\/\/bioingenieria.umh.es\/files\/2021\/12\/Imagen5-e1620896133520.jpg\"><img loading=\"lazy\" class=\"alignnone size-full wp-image-699\" src=\"http:\/\/bioingenieria.umh.es\/files\/2021\/12\/Imagen5-e1620896133520.jpg\" alt=\"Imagen5\" width=\"341\" height=\"280\" \/><\/a><\/p>\n<p style=\"text-align: center;\"><em>Nougat teasting<\/em><\/p>\n<p>[\/et_pb_tab][et_pb_tab title=&#8221;Members&#8221; _builder_version=&#8221;3.0.48&#8243; body_font=&#8221;Roboto||||&#8221; body_line_height=&#8221;2em&#8221; tab_font=&#8221;Roboto||||&#8221; tab_line_height=&#8221;2em&#8221; background_size=&#8221;initial&#8221; background_position=&#8221;top_left&#8221; background_repeat=&#8221;repeat&#8221; body_line_height_tablet=&#8221;2em&#8221; body_line_height_phone=&#8221;2em&#8221; tab_line_height_tablet=&#8221;2em&#8221; tab_line_height_phone=&#8221;2em&#8221;]<\/p>\n<table>\n<tbody>\n<tr>\n<td style=\"text-align: left\" width=\"224\"><strong>Nombre<\/strong><\/td>\n<td style=\"text-align: left\" width=\"328\"><strong>Puesto<\/strong><\/td>\n<td style=\"text-align: left\" width=\"200\"><strong>Correo<\/strong><\/td>\n<td style=\"text-align: left\" width=\"200\"><strong>ORCID<\/strong><\/td>\n<\/tr>\n<tr>\n<td style=\"font-weight: 400\">Francisco Miguel Burl\u00f3 Carbonell<\/td>\n<td style=\"font-weight: 400\">Full Professor<\/td>\n<td style=\"font-weight: 400\"><a href=\"mailto:francisco.burlo@umh.es\" target=\"_blank\" rel=\"noopener\">francisco.burlo@umh.es<\/a><\/td>\n<td style=\"font-weight: 400\"><\/td>\n<\/tr>\n<tr>\n<td style=\"font-weight: 400\">Esther Sendra Nadal<\/td>\n<td style=\"font-weight: 400\">Full Professor<\/td>\n<td style=\"font-weight: 400\"><a href=\"mailto:esther.sendra@umh.es\" target=\"_blank\" rel=\"noopener\">esther.sendra@umh.es<\/a><\/td>\n<td style=\"font-weight: 400\"><\/td>\n<\/tr>\n<tr>\n<td style=\"font-weight: 400\">Estefan\u00eda Valero Cases<\/td>\n<td style=\"font-weight: 400\">Part-time Professor<\/td>\n<td style=\"font-weight: 400\"><a href=\"mailto:e.valero@umh.com\" target=\"_blank\" rel=\"noopener\">e.valero@umh.com<\/a><\/td>\n<td style=\"font-weight: 400\"><\/td>\n<\/tr>\n<tr>\n<td style=\"font-weight: 400\">Marina Cano Lamadrid<\/td>\n<td style=\"font-weight: 400\">Hired labor<\/td>\n<td style=\"font-weight: 400\"><a href=\"mailto:marina.canol@umh.com\" target=\"_blank\" rel=\"noopener\">marina.canol@umh.com<\/a><\/td>\n<td style=\"font-weight: 400\"><\/td>\n<\/tr>\n<tr>\n<td style=\"font-weight: 400\">Lu\u00eds Noguera Artiaga<\/td>\n<td style=\"font-weight: 400\">Hired labor<\/td>\n<td style=\"font-weight: 400\"><a href=\"mailto:lnogera@umh.com\" target=\"_blank\" rel=\"noopener\">lnogera@umh.com<\/a><\/td>\n<td style=\"font-weight: 400\"><\/td>\n<\/tr>\n<tr>\n<td style=\"font-weight: 400\">Leontina Lipan<\/td>\n<td style=\"font-weight: 400\"><\/td>\n<td style=\"font-weight: 400\"><a href=\"mailto:llipan@umh.com\" target=\"_blank\" rel=\"noopener\">llipan@umh.com<\/a><\/td>\n<td style=\"font-weight: 400\"><\/td>\n<\/tr>\n<tr>\n<td style=\"font-weight: 400\">Hanan Issa Issa<\/td>\n<td style=\"font-weight: 400\"><\/td>\n<td style=\"font-weight: 400\"><a href=\"mailto:hissa@umh.es\" target=\"_blank\" rel=\"noopener\">hissa@umh.es<\/a><\/td>\n<td style=\"font-weight: 400\"><\/td>\n<\/tr>\n<tr>\n<td style=\"font-weight: 400\">Mar\u00eda Jos\u00e9 Frutos Fernandez<\/td>\n<td style=\"font-weight: 400\">Associate Professor<\/td>\n<td style=\"font-weight: 400\"><a href=\"mailto:mj.frutos@umh.es\" target=\"_blank\" rel=\"noopener\">mj.frutos@umh.es<\/a><\/td>\n<td style=\"font-weight: 400\"><\/td>\n<\/tr>\n<tr>\n<td style=\"font-weight: 400\">Elena Garc\u00eda Garc\u00eda<\/td>\n<td style=\"font-weight: 400\">Associate Professor<\/td>\n<td style=\"font-weight: 400\"><a href=\"mailto:egarcia@umh.com\" target=\"_blank\" rel=\"noopener\">egarcia@umh.com<\/a><\/td>\n<td style=\"font-weight: 400\"><\/td>\n<\/tr>\n<\/tbody>\n<\/table>\n<p>[\/et_pb_tab][et_pb_tab title=&#8221;Publications&#8221; _builder_version=&#8221;3.0.48&#8243; body_font=&#8221;Roboto||||&#8221; body_line_height=&#8221;2em&#8221; tab_font=&#8221;Roboto||||&#8221; tab_line_height=&#8221;2em&#8221; background_size=&#8221;initial&#8221; background_position=&#8221;top_left&#8221; background_repeat=&#8221;repeat&#8221; body_line_height_tablet=&#8221;2em&#8221; body_line_height_phone=&#8221;2em&#8221; tab_line_height_tablet=&#8221;2em&#8221; tab_line_height_phone=&#8221;2em&#8221;]<\/p>\n<p style=\"font-weight: 400\">R. Mar\u00edn, X. Barber, C. Cabrera, A. Carbonell, E. Vilanova, V. M. Garc\u00eda, E. Roche; E. Garcia<br \/>\n<a href=\"https:\/\/www.tandfonline.com\/doi\/abs\/10.1080\/19393210.2015.1131753\" target=\"_blank\" rel=\"noopener\"><strong>Aluminium, Nickel, cadmium and lead in candy products and assessment of daily intake by children in Spain<\/strong><\/a><br \/>\nFood Additives &amp; Contaminants: PART B, vol:9- N\u00aa1-66-71 (2016).<\/p>\n<p style=\"font-weight: 400\">M. Cano, K. Tkacz, I. P. Turkiewcz, J. Clemente, L. S\u00e1nchez, L. Lipan, E. Garc\u00eda, A. Carbonell and A. Wojdylo<br \/>\n<a href=\"https:\/\/www.mdpi.com\/2304-8158\/9\/9\/1213\" target=\"_blank\" rel=\"noopener\"><strong>How a Spanish Group of Millenial Generation Perceives the Commercial Novel Smoothies<\/strong><\/a><br \/>\nFoods. Pages: vol9, 1213-1-17 (2020).<\/p>\n<p style=\"font-weight: 400\">M. Cano, D. G\u00edrona,E. Garc\u00eda, V. Domingu\u00eds, C. Domingo, E. Sendra, D. L\u00f3pez, A. Carbonell<br \/>\n<a href=\"https:\/\/www.sciencedirect.com\/science\/article\/abs\/pii\/S0889157520313594\" target=\"_blank\" rel=\"noopener\"><strong>Distribution of essential and non-essential elements in rice located in a protected Natural Reserve \u201cMarjal de pego-Oliva\u201d<\/strong><\/a><br \/>\nJournal of Food Composition and Analysis 94 10365. Pages: 1-8 (2020).<\/p>\n<p>[\/et_pb_tab][et_pb_tab title=&#8221;Projects&#8221; _builder_version=&#8221;3.0.48&#8243; body_font=&#8221;||||&#8221; body_line_height=&#8221;2em&#8221; tab_font=&#8221;||||&#8221; tab_line_height=&#8221;2em&#8221; background_size=&#8221;initial&#8221; background_position=&#8221;top_left&#8221; background_repeat=&#8221;repeat&#8221; body_line_height_tablet=&#8221;2em&#8221; body_line_height_phone=&#8221;2em&#8221; tab_line_height_tablet=&#8221;2em&#8221; tab_line_height_phone=&#8221;2em&#8221;][\/et_pb_tab][et_pb_tab title=&#8221;Activities&#8221; _builder_version=&#8221;3.0.48&#8243; body_font=&#8221;||||&#8221; body_line_height=&#8221;2em&#8221; tab_font=&#8221;||||&#8221; tab_line_height=&#8221;2em&#8221; background_size=&#8221;initial&#8221; background_position=&#8221;top_left&#8221; background_repeat=&#8221;repeat&#8221; body_line_height_tablet=&#8221;2em&#8221; body_line_height_phone=&#8221;2em&#8221; tab_line_height_tablet=&#8221;2em&#8221; tab_line_height_phone=&#8221;2em&#8221;]<strong>Published books<\/strong><\/p>\n<ul>\n<li><span style=\"font-weight: 400\">Garc\u00eda- Garc\u00eda E, Roche Collado E, Fuentes Marhuenda, E (<\/span>Editores<i>.Nutrici\u00f3n, edad y vitalidad<\/i>. Editorial Limencop, 2013. ISBN: 978-84-613-5964-6<\/li>\n<li>Pell\u00edn MC, Esteban J, Garc\u00eda E, Barril J. Alimentaci\u00f3n saludable para una vida sana CASTELLANO. (Editorial electr\u00f3nica UMH) 2014. ISBN: 978-84-16024-07-5<\/li>\n<li>Pell\u00edn MC, Esteban J, Garc\u00eda E, Barril J. Alimentaci\u00f3 saludable per a una vida sana CATALAN. (Editorial electr\u00f3nica UMH).2014.\u00a0 ISBN: 978-84-16024-02-5<\/li>\n<li>Gu\u00eda escolar diet\u00e9tico-nutricional. (Editorial Limencop).2014.\u00a0 ISBN: 978-84-94135<\/li>\n<\/ul>\n<p>[\/et_pb_tab][\/et_pb_tabs][\/et_pb_column][\/et_pb_row][\/et_pb_section][et_pb_section fb_built=&#8221;1&#8243; disabled_on=&#8221;on|on|on&#8221; _builder_version=&#8221;4.2.2&#8243; disabled=&#8221;on&#8221;][et_pb_row _builder_version=&#8221;4.2.2&#8243;][et_pb_column type=&#8221;4_4&#8243; _builder_version=&#8221;4.2.2&#8243;][:es _i=&#8221;0&#8243; _address=&#8221;4.0.0.0&#8243; \/][:en _i=&#8221;1&#8243; _address=&#8221;4.0.0.1&#8243; \/][: _i=&#8221;2&#8243; _address=&#8221;4.0.0.2&#8243; \/][\/et_pb_column][\/et_pb_row][\/et_pb_section]<\/p>\n","protected":false},"excerpt":{"rendered":"<p>Responsable Francisco Miguel Burl\u00f3 Carbonell Web propia http:\/\/sensofoodsolutions.com &nbsp; Resumen de la investigaci\u00f3n El grupo de investigaci\u00f3n se centra en el estudio de la influencia de los procesos de fabricaci\u00f3n de los productos en el almacenamiento y las caracter\u00edsticas sensoriales. Otra segunda l\u00ednea del grupo se dedica a la caracterizaci\u00f3n de alimentos y complementos alimenticios [&hellip;]<\/p>\n","protected":false},"author":17017,"featured_media":0,"parent":4255,"menu_order":67,"comment_status":"open","ping_status":"closed","template":"","meta":{"_et_pb_use_builder":"on","_et_pb_old_content":"","_et_gb_content_width":"","_links_to":"","_links_to_target":""},"_links":{"self":[{"href":"https:\/\/bioingenieria.umh.es\/en\/wp-json\/wp\/v2\/pages\/4507"}],"collection":[{"href":"https:\/\/bioingenieria.umh.es\/en\/wp-json\/wp\/v2\/pages"}],"about":[{"href":"https:\/\/bioingenieria.umh.es\/en\/wp-json\/wp\/v2\/types\/page"}],"author":[{"embeddable":true,"href":"https:\/\/bioingenieria.umh.es\/en\/wp-json\/wp\/v2\/users\/17017"}],"replies":[{"embeddable":true,"href":"https:\/\/bioingenieria.umh.es\/en\/wp-json\/wp\/v2\/comments?post=4507"}],"version-history":[{"count":0,"href":"https:\/\/bioingenieria.umh.es\/en\/wp-json\/wp\/v2\/pages\/4507\/revisions"}],"up":[{"embeddable":true,"href":"https:\/\/bioingenieria.umh.es\/en\/wp-json\/wp\/v2\/pages\/4255"}],"wp:attachment":[{"href":"https:\/\/bioingenieria.umh.es\/en\/wp-json\/wp\/v2\/media?parent=4507"}],"curies":[{"name":"wp","href":"https:\/\/api.w.org\/{rel}","templated":true}]}}